{"id":2524,"date":"2020-01-23T13:47:18","date_gmt":"2020-01-23T12:47:18","guid":{"rendered":"https:\/\/diebuchmacherei.de\/?post_type=product&#038;p=2524"},"modified":"2026-02-15T15:39:27","modified_gmt":"2026-02-15T14:39:27","slug":"gelb-ist-das-neue-rot-gewerkschaften-und-gelbwestrn-in-frankreich","status":"publish","type":"product","link":"https:\/\/diebuchmacherei.de\/de_de\/produkt\/gelb-ist-das-neue-rot-gewerkschaften-und-gelbwestrn-in-frankreich\/","title":{"rendered":"&#8220;Gelb ist das neue Rot&#8221; &#8211; Gewerkschaften und Gelbwesten in Frankreich"},"content":{"rendered":"<p>Seit einem Jahr sind in unserem Nachbarland die Gelbwesten in Bewegung. Sie ru\u0308tteln an den Institutionen der Macht der Fu\u0308nften Republik Frankreichs. Durch diese sehen sie sich marginalisiert und ihrer menschlichen Wu\u0308rde beraubt.<\/p>\n<p>Die<em> Gilets Jaunes<\/em> haben die sozialen Bewegungen mit neuen Organisations- und Aktionsformen bereichert und Ideen entwickelt, Ohnmacht in Macht zu verkehren.<\/p>\n<p>Die Gewerkschaften waren anfangs u\u0308berrascht vom landesweiten Protest, der sich au\u00dferhalb ihrer organisierten Reihen auf den Stra\u00dfen entwickelte und gro\u00dfem Mut und Entschlossenheit ausdru\u0308ckte. Doch nach der ersten Schockstarre vollzog sich ein langsamer Ann\u00e4herungsprozess zwischen den sehr unterschiedlichen Akteur*innen. Dieser Lernprozess wird anhand von Artikeln aus der franz\u00f6sischen Gewerkschaftsbewegung ausfu\u0308hrlich beschrieben.<\/p>\n<p><em>Wir danken der Stiftung Menschenw\u00fcrde und Arbeitswelt f\u00fcr die F\u00f6rderung.<\/em><\/p>\n<p>&nbsp;<\/p>\n","protected":false},"excerpt":{"rendered":"<p>Seit einem Jahr sind in unserem Nachbarland die Gelbwesten in Bewegung. Sie ru\u0308tteln an den Institutionen der Macht der Fu\u0308nften Republik Frankreichs. Durch diese sehen&hellip;<\/p>\n","protected":false},"featured_media":8427,"template":"","meta":{"_eb_attr":""},"product_brand":[],"product_cat":[8],"product_tag":[],"class_list":{"0":"post-2524","1":"product","2":"type-product","3":"status-publish","4":"has-post-thumbnail","6":"product_cat-kaempfe","8":"first","9":"instock","10":"taxable","11":"shipping-taxable","12":"purchasable","13":"product-type-simple","14":"customify-col"},"_links":{"self":[{"href":"https:\/\/diebuchmacherei.de\/de_de\/wp-json\/wp\/v2\/product\/2524","targetHints":{"allow":["GET"]}}],"collection":[{"href":"https:\/\/diebuchmacherei.de\/de_de\/wp-json\/wp\/v2\/product"}],"about":[{"href":"https:\/\/diebuchmacherei.de\/de_de\/wp-json\/wp\/v2\/types\/product"}],"wp:featuredmedia":[{"embeddable":true,"href":"https:\/\/diebuchmacherei.de\/de_de\/wp-json\/wp\/v2\/media\/8427"}],"wp:attachment":[{"href":"https:\/\/diebuchmacherei.de\/de_de\/wp-json\/wp\/v2\/media?parent=2524"}],"wp:term":[{"taxonomy":"product_brand","embeddable":true,"href":"https:\/\/diebuchmacherei.de\/de_de\/wp-json\/wp\/v2\/product_brand?post=2524"},{"taxonomy":"product_cat","embeddable":true,"href":"https:\/\/diebuchmacherei.de\/de_de\/wp-json\/wp\/v2\/product_cat?post=2524"},{"taxonomy":"product_tag","embeddable":true,"href":"https:\/\/diebuchmacherei.de\/de_de\/wp-json\/wp\/v2\/product_tag?post=2524"}],"curies":[{"name":"wp","href":"https:\/\/api.w.org\/{rel}","templated":true}]}}