{"id":9052,"date":"2025-10-14T18:39:04","date_gmt":"2025-10-14T16:39:04","guid":{"rendered":"https:\/\/diebuchmacherei.de\/?post_type=product&#038;p=9052"},"modified":"2026-05-01T10:52:23","modified_gmt":"2026-05-01T08:52:23","slug":"die-radikale-juedische-tradition","status":"publish","type":"product","link":"https:\/\/diebuchmacherei.de\/de_de\/produkt\/die-radikale-juedische-tradition\/","title":{"rendered":"Die radikale j\u00fcdische Tradition"},"content":{"rendered":"<p><span style=\"font-family: 'Times New Roman', serif; color: #5081d4;\">Die Themen Antisemitismus, der Krieg in Pal\u00e4stina und die Haltung der Linken zu beidem stehen in Deutschland gegenw\u00e4rtig im Mittelpunkt der politischen Debatte. Das Buch beleuchtet die Hintergr\u00fcnde und widerspricht zugleich der insbesondere in Deutschland weit verbreiteten Identifikation von Judentum und Israel. Die Mehrheit der Juden lebte vor dem Zweiten Weltkrieg in der Diaspora, geh\u00f6rte zur Arbeiter:innenklasse und war Teil eines breiteren Kampfes an der Seite ihrer nichtj\u00fcdischen Genoss:innen auf der Linken. Das Buch w\u00fcrdigt diese radikale j\u00fcdische Beteiligung an Befreiungsbewegungen in zahlreichen L\u00e4ndern. Der Kampf gegen Unterdr\u00fcckung und Ausbeutung nahm vielf\u00e4ltige Formen an, von linkem Zionismus, \u00fcber den Bundismus bis hin zum revolution\u00e4ren Marxismus. Diese inspirierende radikale Tradition wurde schlie\u00dflich durch das Grauen von Auschwitz gestoppt. Die Lehren daraus m\u00fcssen jedoch an die heutigen Generationen weitergegeben werden, damit diese wieder zu Partisanen, Revolution\u00e4ren und Widerstandsk\u00e4mpfern werden.<\/span><\/p>\n<p><span style=\"font-family: 'Times New Roman', serif; color: #5081d4;\"><b>Zum Autor, zur Autorin<\/b><\/span><\/p>\n<p><span style=\"color: #5081d4;\"><span style=\"font-family: Times New Roman, serif;\"><b>Donny Gluckstein<\/b><\/span><span style=\"font-family: Times New Roman, serif;\"> ist der Sohn eines antizionistischen j\u00fcdischen pal\u00e4stinensischen Fl\u00fcchtlings und einer j\u00fcdischen s\u00fcdafrikanischen Mutter. Er ist der Autor mehrerer Schriften, die das Thema dieses Buches tangieren, unter anderem \u201eThe Nazis\u201c, \u201eCapitalism and the Working Class\u201c, \u201eA People\u2019s History of the Second World War\u201c, \u201eThe Western Soviets\u201c und \u201eThe Tragedy of Bukharin\u201c. <\/span><span style=\"font-family: Times New Roman, serif;\"><span lang=\"en-US\">Er gab au\u00dferdem \u201eFighting on all Fronts: Popular Resistance in the Second World War\u201c heraus.<\/span><\/span><\/span><\/p>\n<p><span style=\"color: #5081d4;\"><span style=\"font-family: Times New Roman, serif;\"><b>Janey Stone<\/b><\/span><span style=\"font-family: Times New Roman, serif;\"> ist Zeit ihres Lebens Sozialistin und politische Aktivistin. Sie war Gewerkschaftsdelegierte, beteiligte sich an den Studentenbewegungen gegen den Vietnamkrieg und f\u00fcr Frauenbefreiung. Als antizionistische J\u00fcdin hat sie \u00fcber den Widerstand gegen die Nazis in Deutschland und in Polen sowie \u00fcber j\u00fcdischen Widerstand, \u00fcber Arbeiterinnen, Geschlechterpolitik, den Nahen Osten und die radikale j\u00fcdische Tradition geschrieben und Vortr\u00e4ge gehalten.<\/span><\/span><\/p>\n<p><span style=\"font-family: 'Times New Roman', serif; color: #5081d4;\"><b>Stimmen zum Buch:<\/b><\/span><\/p>\n<p><span style=\"color: #5081d4;\">\u201e<span style=\"font-family: Times New Roman, serif;\">Dieses Buch zeichnet eine Geschichte nach, die vielen Menschen \u2013 auch Linken \u2013 wenig bekannt ist. Gerade in Deutschland, mit seiner zeitlich eingefrorenen Vorstellung j\u00fcdischer Menschen als ewiger Opfer, ist es wichtiger denn je, mehr \u00fcber k\u00e4mpferische j\u00fcdische Bewegungen zu lernen und zu verstehen, dass nicht der Zionismus die L\u00f6sung f\u00fcr den Antisemitismus bietet, sondern der gemeinsame Klassen- und Befreiungskampf.<\/span><span style=\"font-family: Times New Roman, serif;\">\u201c<\/span><span style=\"font-family: Times New Roman, serif;\"><br \/>\n<\/span><span style=\"font-family: Times New Roman, serif;\">\u00a0 \u00a0 \u00a0 \u00a0 \u00a0 \u00a0 \u00a0 \u00a0 \u00a0 <\/span><\/span><\/p>\n<p><span style=\"color: #5081d4;\">\u2013<span style=\"font-family: Times New Roman, serif;\">Wieland Hoban, Vorsitzender der \u201eJ\u00fcdischen Stimme f\u00fcr gerechten Frieden in Nahost\u201c und Autor des Buches<\/span><span style=\"font-family: Times New Roman, serif;\">\u00a0\u201e<\/span><em><span style=\"font-family: Times New Roman, serif;\">Germany&#8217;s Jewish Problem: Genocides Past and Present\u201c<\/span><\/em><\/span><\/p>\n<p><span style=\"color: #5081d4;\">\u201e<span style=\"font-family: Times New Roman, serif;\">Dieses hoch aktuelle Buch ist ein hervorragendes Gegenmittel gegen jeden Versuch, Konflikte wie den im historischen Pal\u00e4stina zu enthistorisieren. Diese Entkontextualisierung ist der Ursprung der israelischen und zionistischen Erz\u00e4hlungen, die nach wie vor die Mainstream-Medien und die Politik dominieren. Die Vielfalt des vorzionistischen j\u00fcdischen Lebens und der j\u00fcdischen Kultur, insbesondere in ihren marxistischen und radikalen Formen, entkr\u00e4ften, wie dieses Buch so pr\u00e4gnant darlegt, den absurden Versuch, Zionismus mit Judentum und Antizionismus mit Antisemitismus gleichzusetzen. Dieses Buch handelt von der verschwundenen Linken, die wir wieder brauchen, und von der Rolle der Juden darin, die uns das Erbe des unerm\u00fcdlichen Kampfes gegen Rassismus, Imperialismus und Zionismus hinterlassen.\u201c<\/span><\/span><\/p>\n<p><span style=\"color: #5081d4;\">\u2013<span style=\"font-family: Times New Roman, serif;\">Ilan Papp\u00e9, israelischer Historiker und Autor zahlreicher B\u00fccher zu Israel, u. a. \u201eDie ethnische S\u00e4uberung Pal\u00e4stinas\u201c<\/span><\/span><\/p>\n<p><span style=\"color: #5081d4;\">\u201e<span style=\"font-family: Times New Roman, serif;\">Nirgendwo sonst wird man eine derart schl\u00fcssige Darstellung der Str\u00f6mungen der j\u00fcdisch-sozialistischen Tradition in Osteuropa, London und New York finden. Die faszinierenden Geschichten werden durch \u00fcberzeugende Argumente untermauert, die aufzeigen, dass K\u00e4mpfe der Arbeiterklasse f\u00fcr Befreiung, die sich \u00fcber ethnische und religi\u00f6se Grenzen hinwegsetzen, m\u00f6glich und unerl\u00e4sslich sind. Diese Tradition steht im Gegensatz zur zionistischen Erz\u00e4hlung, dass Juden Sicherheit nur durch Militarismus und Kolonialisierung erreichen k\u00f6nnen.\u201c<\/span><\/span><\/p>\n<p><span style=\"color: #5081d4;\">\u2013<span style=\"font-family: Times New Roman, serif;\">Rick Kuhn, australischer marxistischer Wissenschaftler, Aktivist und Preistr\u00e4ger des Isaac-Deutscher-Preises <\/span><\/span><\/p>\n","protected":false},"excerpt":{"rendered":"<p>Die Themen Antisemitismus, der Krieg in Pal\u00e4stina und die Haltung der Linken zu beidem stehen in Deutschland gegenw\u00e4rtig im Mittelpunkt der politischen Debatte. Das Buch&hellip;<\/p>\n","protected":false},"featured_media":9076,"template":"","meta":{"_eb_attr":""},"product_brand":[],"product_cat":[84,189,221],"product_tag":[199,207],"class_list":{"0":"post-9052","1":"product","2":"type-product","3":"status-publish","4":"has-post-thumbnail","6":"product_cat-lebendiger-antifaschismus","7":"product_cat-medienkritiken","8":"product_cat-unsere-neuesten-buecher","9":"product_tag-480-seiten","10":"product_tag-isbn-978-3-9826199-9-6-uebersetzung-thomas-weiss-covergestaltung-thomas-waimer-lesereise-mit-den-autorinnen-s-termine-auf-der-startseite","12":"first","13":"instock","14":"taxable","15":"shipping-taxable","16":"purchasable","17":"product-type-simple","18":"customify-col"},"_links":{"self":[{"href":"https:\/\/diebuchmacherei.de\/de_de\/wp-json\/wp\/v2\/product\/9052","targetHints":{"allow":["GET"]}}],"collection":[{"href":"https:\/\/diebuchmacherei.de\/de_de\/wp-json\/wp\/v2\/product"}],"about":[{"href":"https:\/\/diebuchmacherei.de\/de_de\/wp-json\/wp\/v2\/types\/product"}],"wp:featuredmedia":[{"embeddable":true,"href":"https:\/\/diebuchmacherei.de\/de_de\/wp-json\/wp\/v2\/media\/9076"}],"wp:attachment":[{"href":"https:\/\/diebuchmacherei.de\/de_de\/wp-json\/wp\/v2\/media?parent=9052"}],"wp:term":[{"taxonomy":"product_brand","embeddable":true,"href":"https:\/\/diebuchmacherei.de\/de_de\/wp-json\/wp\/v2\/product_brand?post=9052"},{"taxonomy":"product_cat","embeddable":true,"href":"https:\/\/diebuchmacherei.de\/de_de\/wp-json\/wp\/v2\/product_cat?post=9052"},{"taxonomy":"product_tag","embeddable":true,"href":"https:\/\/diebuchmacherei.de\/de_de\/wp-json\/wp\/v2\/product_tag?post=9052"}],"curies":[{"name":"wp","href":"https:\/\/api.w.org\/{rel}","templated":true}]}}